{"id":292452,"date":"2021-12-11T21:56:06","date_gmt":"2021-12-11T20:56:06","guid":{"rendered":"https:\/\/www.hosgreta.se\/shop\/?post_type=product&#038;p=292452"},"modified":"2026-03-31T21:00:57","modified_gmt":"2026-03-31T19:00:57","slug":"te-bered-en-vag-for-herran","status":"publish","type":"product","link":"https:\/\/www.hosgreta.se\/shop\/produkt\/te-bered-en-vag-for-herran\/","title":{"rendered":"Te Bered en v\u00e4g f\u00f6r Herran"},"content":{"rendered":"<p>Ingredienser: Svart te, krossad kardemumma, nejlika, safflor, vaniljarom, solrosblomma, naturlig apelsinarom, kanelarom, gr\u00e4ddarom.<\/p>\n<p>Vattentemperatur: 97 grader.<br \/>\nDragtid 3-4 minuter.<br \/>\n100 g<\/p>\n","protected":false},"excerpt":{"rendered":"<p>Fantastiskt gott svart te fr\u00e5n Kahls, f\u00f6rpackat i en fin svart p\u00e5se med Kahls \u00e5terf\u00f6rslutande etikett p\u00e5 baksidan och en liten vacker och betydelsefull h\u00e4lsning p\u00e5 framsidan. J\u00e4ttebra grej att ge bort eller att starta dagen sj\u00e4lv med, f\u00f6r morgonstund har v\u00e4l te i mun?<\/p>\n<p>Med saffran som st\u00f6rsta inspirationsk\u00e4lla kommer h\u00e4r en svart teblandning som tar smakl\u00f6karna p\u00e5 en resa till lussefika. S\u00f6t saffran, vanilj, kardemumma och gr\u00e4dde tillsammans med fylligt svart te g\u00f6r detta till en mustig smakupplevelse ut\u00f6ver det vanliga. Perfekt f\u00f6r dig som vill ha ett fylligt, runt julte till s\u00e5v\u00e4l fika som frukost.<\/p>\n","protected":false},"featured_media":292502,"comment_status":"closed","ping_status":"closed","template":"","meta":[],"pwb-brand":[268],"product_brand":[],"product_cat":[72,232],"product_tag":[],"class_list":{"0":"post-292452","1":"product","2":"type-product","3":"status-publish","4":"has-post-thumbnail","6":"pwb-brand-me-and-my-house-store","7":"product_cat-atbart","8":"product_cat-kaffe-och-te","10":"first","11":"outofstock","12":"taxable","13":"shipping-taxable","14":"purchasable","15":"product-type-simple"},"yoast_head":"<!-- This site is optimized with the Yoast SEO plugin v27.5 - https:\/\/yoast.com\/product\/yoast-seo-wordpress\/ -->\n<title>Te Bered en v\u00e4g f\u00f6r Herran - Hos Greta<\/title>\n<meta name=\"robots\" content=\"index, follow, max-snippet:-1, max-image-preview:large, max-video-preview:-1\" \/>\n<link rel=\"canonical\" href=\"https:\/\/www.hosgreta.se\/shop\/produkt\/te-bered-en-vag-for-herran\/\" \/>\n<meta property=\"og:locale\" content=\"sv_SE\" \/>\n<meta property=\"og:type\" content=\"article\" \/>\n<meta property=\"og:title\" content=\"Te Bered en v\u00e4g f\u00f6r Herran - Hos Greta\" \/>\n<meta property=\"og:description\" content=\"Fantastiskt gott svart te fr\u00e5n Kahls, f\u00f6rpackat i en fin svart p\u00e5se med Kahls \u00e5terf\u00f6rslutande etikett p\u00e5 baksidan och en liten vacker och betydelsefull h\u00e4lsning p\u00e5 framsidan. J\u00e4ttebra grej att ge bort eller att starta dagen sj\u00e4lv med, f\u00f6r morgonstund har v\u00e4l te i mun? Med saffran som st\u00f6rsta inspirationsk\u00e4lla kommer h\u00e4r en svart teblandning som tar smakl\u00f6karna p\u00e5 en resa till lussefika. S\u00f6t saffran, vanilj, kardemumma och gr\u00e4dde tillsammans med fylligt svart te g\u00f6r detta till en mustig smakupplevelse ut\u00f6ver det vanliga. Perfekt f\u00f6r dig som vill ha ett fylligt, runt julte till s\u00e5v\u00e4l fika som frukost.\" \/>\n<meta property=\"og:url\" content=\"https:\/\/www.hosgreta.se\/shop\/produkt\/te-bered-en-vag-for-herran\/\" \/>\n<meta property=\"og:site_name\" content=\"Hos Greta\" \/>\n<meta property=\"article:publisher\" content=\"https:\/\/www.facebook.com\/hosgreta\" \/>\n<meta property=\"article:modified_time\" content=\"2026-03-31T19:00:57+00:00\" \/>\n<meta property=\"og:image\" content=\"https:\/\/www.hosgreta.se\/shop\/wp-content\/uploads\/2021\/12\/Te-Bered-en-vag-for-Herran.jpg\" \/>\n\t<meta property=\"og:image:width\" content=\"800\" \/>\n\t<meta property=\"og:image:height\" content=\"801\" \/>\n\t<meta property=\"og:image:type\" content=\"image\/jpeg\" \/>\n<meta name=\"twitter:card\" content=\"summary_large_image\" \/>\n<script type=\"application\/ld+json\" class=\"yoast-schema-graph\">{\"@context\":\"https:\\\/\\\/schema.org\",\"@graph\":[{\"@type\":\"WebPage\",\"@id\":\"https:\\\/\\\/www.hosgreta.se\\\/shop\\\/produkt\\\/te-bered-en-vag-for-herran\\\/\",\"url\":\"https:\\\/\\\/www.hosgreta.se\\\/shop\\\/produkt\\\/te-bered-en-vag-for-herran\\\/\",\"name\":\"Te Bered en v\u00e4g f\u00f6r Herran - Hos Greta\",\"isPartOf\":{\"@id\":\"https:\\\/\\\/www.hosgreta.se\\\/shop\\\/#website\"},\"primaryImageOfPage\":{\"@id\":\"https:\\\/\\\/www.hosgreta.se\\\/shop\\\/produkt\\\/te-bered-en-vag-for-herran\\\/#primaryimage\"},\"image\":{\"@id\":\"https:\\\/\\\/www.hosgreta.se\\\/shop\\\/produkt\\\/te-bered-en-vag-for-herran\\\/#primaryimage\"},\"thumbnailUrl\":\"https:\\\/\\\/www.hosgreta.se\\\/shop\\\/wp-content\\\/uploads\\\/2021\\\/12\\\/Te-Bered-en-vag-for-Herran.jpg\",\"datePublished\":\"2021-12-11T20:56:06+00:00\",\"dateModified\":\"2026-03-31T19:00:57+00:00\",\"breadcrumb\":{\"@id\":\"https:\\\/\\\/www.hosgreta.se\\\/shop\\\/produkt\\\/te-bered-en-vag-for-herran\\\/#breadcrumb\"},\"inLanguage\":\"sv-SE\",\"potentialAction\":[{\"@type\":\"ReadAction\",\"target\":[\"https:\\\/\\\/www.hosgreta.se\\\/shop\\\/produkt\\\/te-bered-en-vag-for-herran\\\/\"]}]},{\"@type\":\"ImageObject\",\"inLanguage\":\"sv-SE\",\"@id\":\"https:\\\/\\\/www.hosgreta.se\\\/shop\\\/produkt\\\/te-bered-en-vag-for-herran\\\/#primaryimage\",\"url\":\"https:\\\/\\\/www.hosgreta.se\\\/shop\\\/wp-content\\\/uploads\\\/2021\\\/12\\\/Te-Bered-en-vag-for-Herran.jpg\",\"contentUrl\":\"https:\\\/\\\/www.hosgreta.se\\\/shop\\\/wp-content\\\/uploads\\\/2021\\\/12\\\/Te-Bered-en-vag-for-Herran.jpg\",\"width\":800,\"height\":801,\"caption\":\"Te Bered en v\u00e4g f\u00f6r Herran\"},{\"@type\":\"BreadcrumbList\",\"@id\":\"https:\\\/\\\/www.hosgreta.se\\\/shop\\\/produkt\\\/te-bered-en-vag-for-herran\\\/#breadcrumb\",\"itemListElement\":[{\"@type\":\"ListItem\",\"position\":1,\"name\":\"Hem\",\"item\":\"https:\\\/\\\/www.hosgreta.se\\\/shop\\\/\"},{\"@type\":\"ListItem\",\"position\":2,\"name\":\"Shop\",\"item\":\"https:\\\/\\\/www.hosgreta.se\\\/shop\\\/shop\\\/\"},{\"@type\":\"ListItem\",\"position\":3,\"name\":\"Te Bered en v\u00e4g f\u00f6r Herran\"}]},{\"@type\":\"WebSite\",\"@id\":\"https:\\\/\\\/www.hosgreta.se\\\/shop\\\/#website\",\"url\":\"https:\\\/\\\/www.hosgreta.se\\\/shop\\\/\",\"name\":\"Hos Greta\",\"description\":\"Vi v\u00e4ljer ut v\u00e5ra varum\u00e4rken med stor omsorg.\",\"publisher\":{\"@id\":\"https:\\\/\\\/www.hosgreta.se\\\/shop\\\/#organization\"},\"potentialAction\":[{\"@type\":\"SearchAction\",\"target\":{\"@type\":\"EntryPoint\",\"urlTemplate\":\"https:\\\/\\\/www.hosgreta.se\\\/shop\\\/?s={search_term_string}\"},\"query-input\":{\"@type\":\"PropertyValueSpecification\",\"valueRequired\":true,\"valueName\":\"search_term_string\"}}],\"inLanguage\":\"sv-SE\"},{\"@type\":\"Organization\",\"@id\":\"https:\\\/\\\/www.hosgreta.se\\\/shop\\\/#organization\",\"name\":\"Hos Greta\",\"url\":\"https:\\\/\\\/www.hosgreta.se\\\/shop\\\/\",\"logo\":{\"@type\":\"ImageObject\",\"inLanguage\":\"sv-SE\",\"@id\":\"https:\\\/\\\/www.hosgreta.se\\\/shop\\\/#\\\/schema\\\/logo\\\/image\\\/\",\"url\":\"https:\\\/\\\/www.hosgreta.se\\\/shop\\\/wp-content\\\/uploads\\\/2018\\\/03\\\/Logo_HosGreta_svart.png\",\"contentUrl\":\"https:\\\/\\\/www.hosgreta.se\\\/shop\\\/wp-content\\\/uploads\\\/2018\\\/03\\\/Logo_HosGreta_svart.png\",\"width\":851,\"height\":851,\"caption\":\"Hos Greta\"},\"image\":{\"@id\":\"https:\\\/\\\/www.hosgreta.se\\\/shop\\\/#\\\/schema\\\/logo\\\/image\\\/\"},\"sameAs\":[\"https:\\\/\\\/www.facebook.com\\\/hosgreta\",\"https:\\\/\\\/www.instagram.com\\\/hosgreta\"]}]}<\/script>\n<!-- \/ Yoast SEO plugin. -->","yoast_head_json":{"title":"Te Bered en v\u00e4g f\u00f6r Herran - Hos Greta","robots":{"index":"index","follow":"follow","max-snippet":"max-snippet:-1","max-image-preview":"max-image-preview:large","max-video-preview":"max-video-preview:-1"},"canonical":"https:\/\/www.hosgreta.se\/shop\/produkt\/te-bered-en-vag-for-herran\/","og_locale":"sv_SE","og_type":"article","og_title":"Te Bered en v\u00e4g f\u00f6r Herran - Hos Greta","og_description":"Fantastiskt gott svart te fr\u00e5n Kahls, f\u00f6rpackat i en fin svart p\u00e5se med Kahls \u00e5terf\u00f6rslutande etikett p\u00e5 baksidan och en liten vacker och betydelsefull h\u00e4lsning p\u00e5 framsidan. J\u00e4ttebra grej att ge bort eller att starta dagen sj\u00e4lv med, f\u00f6r morgonstund har v\u00e4l te i mun? Med saffran som st\u00f6rsta inspirationsk\u00e4lla kommer h\u00e4r en svart teblandning som tar smakl\u00f6karna p\u00e5 en resa till lussefika. S\u00f6t saffran, vanilj, kardemumma och gr\u00e4dde tillsammans med fylligt svart te g\u00f6r detta till en mustig smakupplevelse ut\u00f6ver det vanliga. Perfekt f\u00f6r dig som vill ha ett fylligt, runt julte till s\u00e5v\u00e4l fika som frukost.","og_url":"https:\/\/www.hosgreta.se\/shop\/produkt\/te-bered-en-vag-for-herran\/","og_site_name":"Hos Greta","article_publisher":"https:\/\/www.facebook.com\/hosgreta","article_modified_time":"2026-03-31T19:00:57+00:00","og_image":[{"width":800,"height":801,"url":"https:\/\/www.hosgreta.se\/shop\/wp-content\/uploads\/2021\/12\/Te-Bered-en-vag-for-Herran.jpg","type":"image\/jpeg"}],"twitter_card":"summary_large_image","schema":{"@context":"https:\/\/schema.org","@graph":[{"@type":"WebPage","@id":"https:\/\/www.hosgreta.se\/shop\/produkt\/te-bered-en-vag-for-herran\/","url":"https:\/\/www.hosgreta.se\/shop\/produkt\/te-bered-en-vag-for-herran\/","name":"Te Bered en v\u00e4g f\u00f6r Herran - Hos Greta","isPartOf":{"@id":"https:\/\/www.hosgreta.se\/shop\/#website"},"primaryImageOfPage":{"@id":"https:\/\/www.hosgreta.se\/shop\/produkt\/te-bered-en-vag-for-herran\/#primaryimage"},"image":{"@id":"https:\/\/www.hosgreta.se\/shop\/produkt\/te-bered-en-vag-for-herran\/#primaryimage"},"thumbnailUrl":"https:\/\/www.hosgreta.se\/shop\/wp-content\/uploads\/2021\/12\/Te-Bered-en-vag-for-Herran.jpg","datePublished":"2021-12-11T20:56:06+00:00","dateModified":"2026-03-31T19:00:57+00:00","breadcrumb":{"@id":"https:\/\/www.hosgreta.se\/shop\/produkt\/te-bered-en-vag-for-herran\/#breadcrumb"},"inLanguage":"sv-SE","potentialAction":[{"@type":"ReadAction","target":["https:\/\/www.hosgreta.se\/shop\/produkt\/te-bered-en-vag-for-herran\/"]}]},{"@type":"ImageObject","inLanguage":"sv-SE","@id":"https:\/\/www.hosgreta.se\/shop\/produkt\/te-bered-en-vag-for-herran\/#primaryimage","url":"https:\/\/www.hosgreta.se\/shop\/wp-content\/uploads\/2021\/12\/Te-Bered-en-vag-for-Herran.jpg","contentUrl":"https:\/\/www.hosgreta.se\/shop\/wp-content\/uploads\/2021\/12\/Te-Bered-en-vag-for-Herran.jpg","width":800,"height":801,"caption":"Te Bered en v\u00e4g f\u00f6r Herran"},{"@type":"BreadcrumbList","@id":"https:\/\/www.hosgreta.se\/shop\/produkt\/te-bered-en-vag-for-herran\/#breadcrumb","itemListElement":[{"@type":"ListItem","position":1,"name":"Hem","item":"https:\/\/www.hosgreta.se\/shop\/"},{"@type":"ListItem","position":2,"name":"Shop","item":"https:\/\/www.hosgreta.se\/shop\/shop\/"},{"@type":"ListItem","position":3,"name":"Te Bered en v\u00e4g f\u00f6r Herran"}]},{"@type":"WebSite","@id":"https:\/\/www.hosgreta.se\/shop\/#website","url":"https:\/\/www.hosgreta.se\/shop\/","name":"Hos Greta","description":"Vi v\u00e4ljer ut v\u00e5ra varum\u00e4rken med stor omsorg.","publisher":{"@id":"https:\/\/www.hosgreta.se\/shop\/#organization"},"potentialAction":[{"@type":"SearchAction","target":{"@type":"EntryPoint","urlTemplate":"https:\/\/www.hosgreta.se\/shop\/?s={search_term_string}"},"query-input":{"@type":"PropertyValueSpecification","valueRequired":true,"valueName":"search_term_string"}}],"inLanguage":"sv-SE"},{"@type":"Organization","@id":"https:\/\/www.hosgreta.se\/shop\/#organization","name":"Hos Greta","url":"https:\/\/www.hosgreta.se\/shop\/","logo":{"@type":"ImageObject","inLanguage":"sv-SE","@id":"https:\/\/www.hosgreta.se\/shop\/#\/schema\/logo\/image\/","url":"https:\/\/www.hosgreta.se\/shop\/wp-content\/uploads\/2018\/03\/Logo_HosGreta_svart.png","contentUrl":"https:\/\/www.hosgreta.se\/shop\/wp-content\/uploads\/2018\/03\/Logo_HosGreta_svart.png","width":851,"height":851,"caption":"Hos Greta"},"image":{"@id":"https:\/\/www.hosgreta.se\/shop\/#\/schema\/logo\/image\/"},"sameAs":["https:\/\/www.facebook.com\/hosgreta","https:\/\/www.instagram.com\/hosgreta"]}]}},"kroconnect":{"tax_rate":6,"price_inc_vat":{"regular_price":69.0032},"price_ex_vat":{"regular_price":65.09735800000001}},"brands":[{"id":268,"name":"Me and My House store","slug":"me-and-my-house-store"}],"_links":{"self":[{"href":"https:\/\/www.hosgreta.se\/shop\/wp-json\/wp\/v2\/product\/292452","targetHints":{"allow":["GET"]}}],"collection":[{"href":"https:\/\/www.hosgreta.se\/shop\/wp-json\/wp\/v2\/product"}],"about":[{"href":"https:\/\/www.hosgreta.se\/shop\/wp-json\/wp\/v2\/types\/product"}],"replies":[{"embeddable":true,"href":"https:\/\/www.hosgreta.se\/shop\/wp-json\/wp\/v2\/comments?post=292452"}],"wp:featuredmedia":[{"embeddable":true,"href":"https:\/\/www.hosgreta.se\/shop\/wp-json\/wp\/v2\/media\/292502"}],"wp:attachment":[{"href":"https:\/\/www.hosgreta.se\/shop\/wp-json\/wp\/v2\/media?parent=292452"}],"wp:term":[{"taxonomy":"pwb-brand","embeddable":true,"href":"https:\/\/www.hosgreta.se\/shop\/wp-json\/wp\/v2\/pwb-brand?post=292452"},{"taxonomy":"product_brand","embeddable":true,"href":"https:\/\/www.hosgreta.se\/shop\/wp-json\/wp\/v2\/product_brand?post=292452"},{"taxonomy":"product_cat","embeddable":true,"href":"https:\/\/www.hosgreta.se\/shop\/wp-json\/wp\/v2\/product_cat?post=292452"},{"taxonomy":"product_tag","embeddable":true,"href":"https:\/\/www.hosgreta.se\/shop\/wp-json\/wp\/v2\/product_tag?post=292452"}],"curies":[{"name":"wp","href":"https:\/\/api.w.org\/{rel}","templated":true}]}}