{"id":384299,"date":"2025-01-24T13:52:34","date_gmt":"2025-01-24T12:52:34","guid":{"rendered":"https:\/\/www.hosgreta.se\/shop\/?post_type=product&#038;p=384299"},"modified":"2026-04-01T10:04:47","modified_gmt":"2026-04-01T08:04:47","slug":"haupt-hederstryfflar","status":"publish","type":"product","link":"https:\/\/www.hosgreta.se\/shop\/produkt\/haupt-hederstryfflar\/","title":{"rendered":"Haupt Hederstryfflar"},"content":{"rendered":"<p>250 g<\/p>\n<p>Ingredienser: 70% belgisk m\u00f6rk- och mj\u00f6lkchoklad (socker, kakaosm\u00f6r, mj\u00f6lkpulver, kakaomassa Papua Nya Guinea, kakaomassa Mexiko, emulgator: sojalecitin, naturlig vaniljarom), sirap, vetemj\u00f6l, socker, invertsockersirap, 3,5 % r\u00e5lakrits (Kalabrien), salmiak (ammoniumklorid), havssalt, arom (tryffel), stj\u00e4rnanis, emulgeringsmedel: E422 (glycerin), f\u00e4rg\u00e4mne (vegetabilisk kol, E555, E172), frystorkad svart tryffel (Tuber Melanosporum), ytbehandlingsmedel (karnaubavax) Kakaohalt: minst 39.6%<\/p>\n","protected":false},"excerpt":{"rendered":"<p>L\u00e5ngkokt saltlakrits med m\u00f6rk mj\u00f6lkchoklad smaksatt med svart tryffel.<\/p>\n<p>Saltlakrits och aromatisk smak av svart tryffel? Varf\u00f6r inte? Dessa &#8221;kungar under jorden*&#8221; fungerar f\u00f6rv\u00e5nansv\u00e4rt bra ihop och \u00e4r en kombination som b\u00e5de \u00f6verraskar och f\u00f6rf\u00f6r &#8211; perfekt f\u00f6r dig som vill uppt\u00e4cka n\u00e5got ut\u00f6ver det vanliga.<\/p>\n<p>Hederstryfflar tillverkas i limiterad upplaga, s\u00e5 l\u00e4nge lagret r\u00e4cker. Perfekt till dig sj\u00e4lv, eller n\u00e5gon annan, p\u00e5 Alla Hj\u00e4rtans Dag?<\/p>\n<p>Ja, b\u00e5de lakritsroten (som ger lakrits sin smak) och tryffeln v\u00e4xer under jord, vilket p\u00e5 ett s\u00e4tt g\u00f6r deras smaker naturligt \u201cjordn\u00e4ra\u201d och fylliga. Tryffelns arom och lakritsens distinkta s\u00f6t-s\u00e4lta ton har en gemensam jordig grund \u2013 och ger uppenbarligen en extra dimension n\u00e4r de m\u00f6ts i samma smakupplevelse.<\/p>\n","protected":false},"featured_media":384317,"comment_status":"closed","ping_status":"closed","template":"","meta":[],"pwb-brand":[305],"product_brand":[],"product_cat":[73],"product_tag":[],"class_list":{"0":"post-384299","1":"product","2":"type-product","3":"status-publish","4":"has-post-thumbnail","6":"pwb-brand-haupt-lakrits","7":"product_cat-laktrits","9":"first","10":"outofstock","11":"taxable","12":"shipping-taxable","13":"purchasable","14":"product-type-simple"},"yoast_head":"<!-- This site is optimized with the Yoast SEO plugin v27.5 - https:\/\/yoast.com\/product\/yoast-seo-wordpress\/ -->\n<title>Haupt Hederstryfflar - Hos Greta<\/title>\n<meta name=\"robots\" content=\"index, follow, max-snippet:-1, max-image-preview:large, max-video-preview:-1\" \/>\n<link rel=\"canonical\" href=\"https:\/\/www.hosgreta.se\/shop\/produkt\/haupt-hederstryfflar\/\" \/>\n<meta property=\"og:locale\" content=\"sv_SE\" \/>\n<meta property=\"og:type\" content=\"article\" \/>\n<meta property=\"og:title\" content=\"Haupt Hederstryfflar - Hos Greta\" \/>\n<meta property=\"og:description\" content=\"L\u00e5ngkokt saltlakrits med m\u00f6rk mj\u00f6lkchoklad smaksatt med svart tryffel.  Saltlakrits och aromatisk smak av svart tryffel? Varf\u00f6r inte? Dessa &quot;kungar under jorden*&quot; fungerar f\u00f6rv\u00e5nansv\u00e4rt bra ihop och \u00e4r en kombination som b\u00e5de \u00f6verraskar och f\u00f6rf\u00f6r - perfekt f\u00f6r dig som vill uppt\u00e4cka n\u00e5got ut\u00f6ver det vanliga.  Hederstryfflar tillverkas i limiterad upplaga, s\u00e5 l\u00e4nge lagret r\u00e4cker. Perfekt till dig sj\u00e4lv, eller n\u00e5gon annan, p\u00e5 Alla Hj\u00e4rtans Dag?  Ja, b\u00e5de lakritsroten (som ger lakrits sin smak) och tryffeln v\u00e4xer under jord, vilket p\u00e5 ett s\u00e4tt g\u00f6r deras smaker naturligt \u201cjordn\u00e4ra\u201d och fylliga. Tryffelns arom och lakritsens distinkta s\u00f6t-s\u00e4lta ton har en gemensam jordig grund \u2013 och ger uppenbarligen en extra dimension n\u00e4r de m\u00f6ts i samma smakupplevelse.\" \/>\n<meta property=\"og:url\" content=\"https:\/\/www.hosgreta.se\/shop\/produkt\/haupt-hederstryfflar\/\" \/>\n<meta property=\"og:site_name\" content=\"Hos Greta\" \/>\n<meta property=\"article:publisher\" content=\"https:\/\/www.facebook.com\/hosgreta\" \/>\n<meta property=\"article:modified_time\" content=\"2026-04-01T08:04:47+00:00\" \/>\n<meta property=\"og:image\" content=\"https:\/\/www.hosgreta.se\/shop\/wp-content\/uploads\/2021\/03\/Haupt-Hederstryfflar.jpg\" \/>\n\t<meta property=\"og:image:width\" content=\"800\" \/>\n\t<meta property=\"og:image:height\" content=\"800\" \/>\n\t<meta property=\"og:image:type\" content=\"image\/jpeg\" \/>\n<meta name=\"twitter:card\" content=\"summary_large_image\" \/>\n<meta name=\"twitter:label1\" content=\"Ber\u00e4knad l\u00e4stid\" \/>\n\t<meta name=\"twitter:data1\" content=\"1 minut\" \/>\n<script type=\"application\/ld+json\" class=\"yoast-schema-graph\">{\"@context\":\"https:\\\/\\\/schema.org\",\"@graph\":[{\"@type\":\"WebPage\",\"@id\":\"https:\\\/\\\/www.hosgreta.se\\\/shop\\\/produkt\\\/haupt-hederstryfflar\\\/\",\"url\":\"https:\\\/\\\/www.hosgreta.se\\\/shop\\\/produkt\\\/haupt-hederstryfflar\\\/\",\"name\":\"Haupt Hederstryfflar - Hos Greta\",\"isPartOf\":{\"@id\":\"https:\\\/\\\/www.hosgreta.se\\\/shop\\\/#website\"},\"primaryImageOfPage\":{\"@id\":\"https:\\\/\\\/www.hosgreta.se\\\/shop\\\/produkt\\\/haupt-hederstryfflar\\\/#primaryimage\"},\"image\":{\"@id\":\"https:\\\/\\\/www.hosgreta.se\\\/shop\\\/produkt\\\/haupt-hederstryfflar\\\/#primaryimage\"},\"thumbnailUrl\":\"https:\\\/\\\/www.hosgreta.se\\\/shop\\\/wp-content\\\/uploads\\\/2021\\\/03\\\/Haupt-Hederstryfflar.jpg\",\"datePublished\":\"2025-01-24T12:52:34+00:00\",\"dateModified\":\"2026-04-01T08:04:47+00:00\",\"breadcrumb\":{\"@id\":\"https:\\\/\\\/www.hosgreta.se\\\/shop\\\/produkt\\\/haupt-hederstryfflar\\\/#breadcrumb\"},\"inLanguage\":\"sv-SE\",\"potentialAction\":[{\"@type\":\"ReadAction\",\"target\":[\"https:\\\/\\\/www.hosgreta.se\\\/shop\\\/produkt\\\/haupt-hederstryfflar\\\/\"]}]},{\"@type\":\"ImageObject\",\"inLanguage\":\"sv-SE\",\"@id\":\"https:\\\/\\\/www.hosgreta.se\\\/shop\\\/produkt\\\/haupt-hederstryfflar\\\/#primaryimage\",\"url\":\"https:\\\/\\\/www.hosgreta.se\\\/shop\\\/wp-content\\\/uploads\\\/2021\\\/03\\\/Haupt-Hederstryfflar.jpg\",\"contentUrl\":\"https:\\\/\\\/www.hosgreta.se\\\/shop\\\/wp-content\\\/uploads\\\/2021\\\/03\\\/Haupt-Hederstryfflar.jpg\",\"width\":800,\"height\":800,\"caption\":\"Haupt Hederstryfflar\"},{\"@type\":\"BreadcrumbList\",\"@id\":\"https:\\\/\\\/www.hosgreta.se\\\/shop\\\/produkt\\\/haupt-hederstryfflar\\\/#breadcrumb\",\"itemListElement\":[{\"@type\":\"ListItem\",\"position\":1,\"name\":\"Hem\",\"item\":\"https:\\\/\\\/www.hosgreta.se\\\/shop\\\/\"},{\"@type\":\"ListItem\",\"position\":2,\"name\":\"Shop\",\"item\":\"https:\\\/\\\/www.hosgreta.se\\\/shop\\\/shop\\\/\"},{\"@type\":\"ListItem\",\"position\":3,\"name\":\"Haupt Hederstryfflar\"}]},{\"@type\":\"WebSite\",\"@id\":\"https:\\\/\\\/www.hosgreta.se\\\/shop\\\/#website\",\"url\":\"https:\\\/\\\/www.hosgreta.se\\\/shop\\\/\",\"name\":\"Hos Greta\",\"description\":\"Vi v\u00e4ljer ut v\u00e5ra varum\u00e4rken med stor omsorg.\",\"publisher\":{\"@id\":\"https:\\\/\\\/www.hosgreta.se\\\/shop\\\/#organization\"},\"potentialAction\":[{\"@type\":\"SearchAction\",\"target\":{\"@type\":\"EntryPoint\",\"urlTemplate\":\"https:\\\/\\\/www.hosgreta.se\\\/shop\\\/?s={search_term_string}\"},\"query-input\":{\"@type\":\"PropertyValueSpecification\",\"valueRequired\":true,\"valueName\":\"search_term_string\"}}],\"inLanguage\":\"sv-SE\"},{\"@type\":\"Organization\",\"@id\":\"https:\\\/\\\/www.hosgreta.se\\\/shop\\\/#organization\",\"name\":\"Hos Greta\",\"url\":\"https:\\\/\\\/www.hosgreta.se\\\/shop\\\/\",\"logo\":{\"@type\":\"ImageObject\",\"inLanguage\":\"sv-SE\",\"@id\":\"https:\\\/\\\/www.hosgreta.se\\\/shop\\\/#\\\/schema\\\/logo\\\/image\\\/\",\"url\":\"https:\\\/\\\/www.hosgreta.se\\\/shop\\\/wp-content\\\/uploads\\\/2018\\\/03\\\/Logo_HosGreta_svart.png\",\"contentUrl\":\"https:\\\/\\\/www.hosgreta.se\\\/shop\\\/wp-content\\\/uploads\\\/2018\\\/03\\\/Logo_HosGreta_svart.png\",\"width\":851,\"height\":851,\"caption\":\"Hos Greta\"},\"image\":{\"@id\":\"https:\\\/\\\/www.hosgreta.se\\\/shop\\\/#\\\/schema\\\/logo\\\/image\\\/\"},\"sameAs\":[\"https:\\\/\\\/www.facebook.com\\\/hosgreta\",\"https:\\\/\\\/www.instagram.com\\\/hosgreta\"]}]}<\/script>\n<!-- \/ Yoast SEO plugin. -->","yoast_head_json":{"title":"Haupt Hederstryfflar - Hos Greta","robots":{"index":"index","follow":"follow","max-snippet":"max-snippet:-1","max-image-preview":"max-image-preview:large","max-video-preview":"max-video-preview:-1"},"canonical":"https:\/\/www.hosgreta.se\/shop\/produkt\/haupt-hederstryfflar\/","og_locale":"sv_SE","og_type":"article","og_title":"Haupt Hederstryfflar - Hos Greta","og_description":"L\u00e5ngkokt saltlakrits med m\u00f6rk mj\u00f6lkchoklad smaksatt med svart tryffel.  Saltlakrits och aromatisk smak av svart tryffel? Varf\u00f6r inte? Dessa \"kungar under jorden*\" fungerar f\u00f6rv\u00e5nansv\u00e4rt bra ihop och \u00e4r en kombination som b\u00e5de \u00f6verraskar och f\u00f6rf\u00f6r - perfekt f\u00f6r dig som vill uppt\u00e4cka n\u00e5got ut\u00f6ver det vanliga.  Hederstryfflar tillverkas i limiterad upplaga, s\u00e5 l\u00e4nge lagret r\u00e4cker. Perfekt till dig sj\u00e4lv, eller n\u00e5gon annan, p\u00e5 Alla Hj\u00e4rtans Dag?  Ja, b\u00e5de lakritsroten (som ger lakrits sin smak) och tryffeln v\u00e4xer under jord, vilket p\u00e5 ett s\u00e4tt g\u00f6r deras smaker naturligt \u201cjordn\u00e4ra\u201d och fylliga. Tryffelns arom och lakritsens distinkta s\u00f6t-s\u00e4lta ton har en gemensam jordig grund \u2013 och ger uppenbarligen en extra dimension n\u00e4r de m\u00f6ts i samma smakupplevelse.","og_url":"https:\/\/www.hosgreta.se\/shop\/produkt\/haupt-hederstryfflar\/","og_site_name":"Hos Greta","article_publisher":"https:\/\/www.facebook.com\/hosgreta","article_modified_time":"2026-04-01T08:04:47+00:00","og_image":[{"width":800,"height":800,"url":"https:\/\/www.hosgreta.se\/shop\/wp-content\/uploads\/2021\/03\/Haupt-Hederstryfflar.jpg","type":"image\/jpeg"}],"twitter_card":"summary_large_image","twitter_misc":{"Ber\u00e4knad l\u00e4stid":"1 minut"},"schema":{"@context":"https:\/\/schema.org","@graph":[{"@type":"WebPage","@id":"https:\/\/www.hosgreta.se\/shop\/produkt\/haupt-hederstryfflar\/","url":"https:\/\/www.hosgreta.se\/shop\/produkt\/haupt-hederstryfflar\/","name":"Haupt Hederstryfflar - Hos Greta","isPartOf":{"@id":"https:\/\/www.hosgreta.se\/shop\/#website"},"primaryImageOfPage":{"@id":"https:\/\/www.hosgreta.se\/shop\/produkt\/haupt-hederstryfflar\/#primaryimage"},"image":{"@id":"https:\/\/www.hosgreta.se\/shop\/produkt\/haupt-hederstryfflar\/#primaryimage"},"thumbnailUrl":"https:\/\/www.hosgreta.se\/shop\/wp-content\/uploads\/2021\/03\/Haupt-Hederstryfflar.jpg","datePublished":"2025-01-24T12:52:34+00:00","dateModified":"2026-04-01T08:04:47+00:00","breadcrumb":{"@id":"https:\/\/www.hosgreta.se\/shop\/produkt\/haupt-hederstryfflar\/#breadcrumb"},"inLanguage":"sv-SE","potentialAction":[{"@type":"ReadAction","target":["https:\/\/www.hosgreta.se\/shop\/produkt\/haupt-hederstryfflar\/"]}]},{"@type":"ImageObject","inLanguage":"sv-SE","@id":"https:\/\/www.hosgreta.se\/shop\/produkt\/haupt-hederstryfflar\/#primaryimage","url":"https:\/\/www.hosgreta.se\/shop\/wp-content\/uploads\/2021\/03\/Haupt-Hederstryfflar.jpg","contentUrl":"https:\/\/www.hosgreta.se\/shop\/wp-content\/uploads\/2021\/03\/Haupt-Hederstryfflar.jpg","width":800,"height":800,"caption":"Haupt Hederstryfflar"},{"@type":"BreadcrumbList","@id":"https:\/\/www.hosgreta.se\/shop\/produkt\/haupt-hederstryfflar\/#breadcrumb","itemListElement":[{"@type":"ListItem","position":1,"name":"Hem","item":"https:\/\/www.hosgreta.se\/shop\/"},{"@type":"ListItem","position":2,"name":"Shop","item":"https:\/\/www.hosgreta.se\/shop\/shop\/"},{"@type":"ListItem","position":3,"name":"Haupt Hederstryfflar"}]},{"@type":"WebSite","@id":"https:\/\/www.hosgreta.se\/shop\/#website","url":"https:\/\/www.hosgreta.se\/shop\/","name":"Hos Greta","description":"Vi v\u00e4ljer ut v\u00e5ra varum\u00e4rken med stor omsorg.","publisher":{"@id":"https:\/\/www.hosgreta.se\/shop\/#organization"},"potentialAction":[{"@type":"SearchAction","target":{"@type":"EntryPoint","urlTemplate":"https:\/\/www.hosgreta.se\/shop\/?s={search_term_string}"},"query-input":{"@type":"PropertyValueSpecification","valueRequired":true,"valueName":"search_term_string"}}],"inLanguage":"sv-SE"},{"@type":"Organization","@id":"https:\/\/www.hosgreta.se\/shop\/#organization","name":"Hos Greta","url":"https:\/\/www.hosgreta.se\/shop\/","logo":{"@type":"ImageObject","inLanguage":"sv-SE","@id":"https:\/\/www.hosgreta.se\/shop\/#\/schema\/logo\/image\/","url":"https:\/\/www.hosgreta.se\/shop\/wp-content\/uploads\/2018\/03\/Logo_HosGreta_svart.png","contentUrl":"https:\/\/www.hosgreta.se\/shop\/wp-content\/uploads\/2018\/03\/Logo_HosGreta_svart.png","width":851,"height":851,"caption":"Hos Greta"},"image":{"@id":"https:\/\/www.hosgreta.se\/shop\/#\/schema\/logo\/image\/"},"sameAs":["https:\/\/www.facebook.com\/hosgreta","https:\/\/www.instagram.com\/hosgreta"]}]}},"kroconnect":{"tax_rate":6,"price_inc_vat":{"regular_price":141.97},"price_ex_vat":{"regular_price":133.933962}},"brands":[{"id":305,"name":"Haupt Lakrits","slug":"haupt-lakrits"}],"_links":{"self":[{"href":"https:\/\/www.hosgreta.se\/shop\/wp-json\/wp\/v2\/product\/384299","targetHints":{"allow":["GET"]}}],"collection":[{"href":"https:\/\/www.hosgreta.se\/shop\/wp-json\/wp\/v2\/product"}],"about":[{"href":"https:\/\/www.hosgreta.se\/shop\/wp-json\/wp\/v2\/types\/product"}],"replies":[{"embeddable":true,"href":"https:\/\/www.hosgreta.se\/shop\/wp-json\/wp\/v2\/comments?post=384299"}],"wp:featuredmedia":[{"embeddable":true,"href":"https:\/\/www.hosgreta.se\/shop\/wp-json\/wp\/v2\/media\/384317"}],"wp:attachment":[{"href":"https:\/\/www.hosgreta.se\/shop\/wp-json\/wp\/v2\/media?parent=384299"}],"wp:term":[{"taxonomy":"pwb-brand","embeddable":true,"href":"https:\/\/www.hosgreta.se\/shop\/wp-json\/wp\/v2\/pwb-brand?post=384299"},{"taxonomy":"product_brand","embeddable":true,"href":"https:\/\/www.hosgreta.se\/shop\/wp-json\/wp\/v2\/product_brand?post=384299"},{"taxonomy":"product_cat","embeddable":true,"href":"https:\/\/www.hosgreta.se\/shop\/wp-json\/wp\/v2\/product_cat?post=384299"},{"taxonomy":"product_tag","embeddable":true,"href":"https:\/\/www.hosgreta.se\/shop\/wp-json\/wp\/v2\/product_tag?post=384299"}],"curies":[{"name":"wp","href":"https:\/\/api.w.org\/{rel}","templated":true}]}}